{"id":286,"date":"2016-10-31T13:17:59","date_gmt":"2016-10-31T16:17:59","guid":{"rendered":"https:\/\/emdnfontenla-bue.infd.edu.ar\/sitio\/?page_id=286"},"modified":"2026-03-04T09:45:52","modified_gmt":"2026-03-04T12:45:52","slug":"inicio","status":"publish","type":"page","link":"https:\/\/emdnfontenla-bue.infd.edu.ar\/sitio\/","title":{"rendered":"NOVEDADES"},"content":{"rendered":"\n<h2 class=\"wp-block-heading\">CURSO DE INGRESO A PROFESORADOS Y TECNICATURAS<\/h2>\n\n\n\n<p>Enlace: <a href=\"https:\/\/docs.google.com\/spreadsheets\/d\/1Al1aIv1HR7D7uR1-idkngACe-WzTms3UvbzTOD2aXGU\/edit?usp=sharing\">https:\/\/docs.google.com\/spreadsheets\/d\/1Al1aIv1HR7D7uR1-idkngACe-WzTms3UvbzTOD2aXGU\/edit?usp=sharing<\/a><\/p>\n\n\n\n<h2 class=\"wp-block-heading\">Mesas de Nivelaci\u00f3n <\/h2>\n\n\n\n<p>Enlace <a href=\"https:\/\/docs.google.com\/spreadsheets\/d\/1WlHlZkQDlW-1ClWMvp6EJrnpL6L7hbnhKk2SFGGteVQ\/edit?usp=sharing\">https:\/\/docs.google.com\/spreadsheets\/d\/1WlHlZkQDlW-1ClWMvp6EJrnpL6L7hbnhKk2SFGGteVQ\/edit?usp=sharing<\/a><\/p>\n\n\n\n<h2 class=\"wp-block-heading\">Mesas de examen Turno Febrero-Marzo 2026 <\/h2>\n\n\n\n<p>Enlace: <a href=\"https:\/\/docs.google.com\/spreadsheets\/d\/1QXEQdZl3w5Olv143yUUCfaW-U4RclRJkXdCw2-DDcMw\/edit?usp=sharing\">https:\/\/docs.google.com\/spreadsheets\/d\/1QXEQdZl3w5Olv143yUUCfaW-U4RclRJkXdCw2-DDcMw\/edit?usp=sharing<\/a><\/p>\n\n\n\n<h2 class=\"wp-block-heading\">Mesas de examen Turno Diciembre 2025<\/h2>\n\n\n\n<p>Enlace: <a href=\"https:\/\/docs.google.com\/spreadsheets\/d\/1Qr1k0AnGnVDcKhQD9XQX13n1rvaHYhqFNp4GfbAHUKI\/edit?usp=sharing\">https:\/\/docs.google.com\/spreadsheets\/d\/1Qr1k0AnGnVDcKhQD9XQX13n1rvaHYhqFNp4GfbAHUKI\/edit?usp=sharing<\/a><\/p>\n\n\n\n<h2 class=\"wp-block-heading\">Mesas de examen Turno Agosto 2025<\/h2>\n\n\n\n<p>Enlace: <a href=\"https:\/\/docs.google.com\/spreadsheets\/d\/1CbZ3-25DKzU1UzPKtdWan13qW3xQBe3SNj0LmUpmNcg\/edit?usp=sharing\">https:\/\/docs.google.com\/spreadsheets\/d\/1CbZ3-25DKzU1UzPKtdWan13qW3xQBe3SNj0LmUpmNcg\/edit?usp=sharing<\/a><\/p>\n\n\n<a class=\"wp-block-read-more\" href=\"https:\/\/emdnfontenla-bue.infd.edu.ar\/sitio\/\" target=\"_self\">Leer m\u00e1s<span class=\"screen-reader-text\">: NOVEDADES<\/span><\/a>\n\n\n<p>Programa de la segunda Funci\u00f3n del Ballet de C\u00e1mara: <a href=\"https:\/\/sites.google.com\/view\/2025lunes30dejunio2030hs\/inicio\">https:\/\/sites.google.com\/view\/2025lunes30dejunio2030hs\/inicio<\/a><\/p>\n\n\n\n<p><\/p>\n\n\n\n<p><\/p>\n\n\n\n<figure class=\"wp-block-image size-full\"><img decoding=\"async\" loading=\"lazy\" width=\"789\" height=\"789\" src=\"https:\/\/emdnfontenla-bue.infd.edu.ar\/sitio\/wp-content\/uploads\/2025\/06\/30-6-Ballet-de-Camara.jpg\" alt=\"\" class=\"wp-image-1496\" srcset=\"https:\/\/emdnfontenla-bue.infd.edu.ar\/sitio\/wp-content\/uploads\/2025\/06\/30-6-Ballet-de-Camara.jpg 789w, https:\/\/emdnfontenla-bue.infd.edu.ar\/sitio\/wp-content\/uploads\/2025\/06\/30-6-Ballet-de-Camara-500x500.jpg 500w, https:\/\/emdnfontenla-bue.infd.edu.ar\/sitio\/wp-content\/uploads\/2025\/06\/30-6-Ballet-de-Camara-768x768.jpg 768w\" sizes=\"(max-width: 789px) 100vw, 789px\" \/><\/figure>\n\n\n\n<p>Programa de la primera funci\u00f3n del Ballet de C\u00e1mara   <a href=\"https:\/\/sites.google.com\/view\/2025-lunes-19-de-mayo-2030-hs\/inicio\">https:\/\/sites.google.com\/view\/2025-lunes-19-de-mayo-2030-hs\/inicio<\/a><\/p>\n\n\n\n<figure class=\"wp-block-image size-full\"><img decoding=\"async\" loading=\"lazy\" width=\"993\" height=\"739\" src=\"https:\/\/emdnfontenla-bue.infd.edu.ar\/sitio\/wp-content\/uploads\/2025\/06\/Imagen-de-WhatsApp-2025-06-27-a-las-11.55.41_7e7605bb.jpg\" alt=\"\" class=\"wp-image-1499\" srcset=\"https:\/\/emdnfontenla-bue.infd.edu.ar\/sitio\/wp-content\/uploads\/2025\/06\/Imagen-de-WhatsApp-2025-06-27-a-las-11.55.41_7e7605bb.jpg 993w, https:\/\/emdnfontenla-bue.infd.edu.ar\/sitio\/wp-content\/uploads\/2025\/06\/Imagen-de-WhatsApp-2025-06-27-a-las-11.55.41_7e7605bb-768x572.jpg 768w\" sizes=\"(max-width: 993px) 100vw, 993px\" \/><\/figure>\n\n\n\n<p><\/p>\n\n\n\n<h2 class=\"wp-block-heading\">SITES PROGRAMA DE LA COLACI\u00d3N DE GRADO<\/h2>\n\n\n\n<p>ENLACE: <a href=\"https:\/\/sites.google.com\/view\/colacion2025escmundanzasnf\/inicio\">https:\/\/sites.google.com\/view\/colacion2025escmundanzasnf\/inicio<\/a><\/p>\n\n\n\n<figure class=\"wp-block-image size-large\"><img decoding=\"async\" loading=\"lazy\" width=\"990\" height=\"742\" src=\"https:\/\/emdnfontenla-bue.infd.edu.ar\/sitio\/wp-content\/uploads\/2025\/04\/WhatsApp-Image-2025-04-14-at-08.10.53_ccb36d9e.jpg\" alt=\"\" class=\"wp-image-1476\" srcset=\"https:\/\/emdnfontenla-bue.infd.edu.ar\/sitio\/wp-content\/uploads\/2025\/04\/WhatsApp-Image-2025-04-14-at-08.10.53_ccb36d9e.jpg 990w, https:\/\/emdnfontenla-bue.infd.edu.ar\/sitio\/wp-content\/uploads\/2025\/04\/WhatsApp-Image-2025-04-14-at-08.10.53_ccb36d9e-768x576.jpg 768w\" sizes=\"(max-width: 990px) 100vw, 990px\" \/><\/figure>\n\n\n\n<figure class=\"wp-block-gallery has-nested-images columns-default is-cropped wp-block-gallery-1 is-layout-flex\"><\/figure>\n\n\n\n<h2 class=\"wp-block-heading\">COLACI\u00d3N DE GRADO<\/h2>\n\n\n\n<figure class=\"wp-block-image size-full\"><img decoding=\"async\" loading=\"lazy\" width=\"1080\" height=\"1080\" src=\"https:\/\/emdnfontenla-bue.infd.edu.ar\/sitio\/wp-content\/uploads\/2023\/12\/20231212_163114_0000.jpg\" alt=\"\" class=\"wp-image-1408\" srcset=\"https:\/\/emdnfontenla-bue.infd.edu.ar\/sitio\/wp-content\/uploads\/2023\/12\/20231212_163114_0000.jpg 1080w, https:\/\/emdnfontenla-bue.infd.edu.ar\/sitio\/wp-content\/uploads\/2023\/12\/20231212_163114_0000-1000x1000.jpg 1000w, https:\/\/emdnfontenla-bue.infd.edu.ar\/sitio\/wp-content\/uploads\/2023\/12\/20231212_163114_0000-500x500.jpg 500w, https:\/\/emdnfontenla-bue.infd.edu.ar\/sitio\/wp-content\/uploads\/2023\/12\/20231212_163114_0000-768x768.jpg 768w\" sizes=\"(max-width: 1080px) 100vw, 1080px\" \/><\/figure>\n\n\n\n<h2 class=\"wp-block-heading\">Obra Final<\/h2>\n\n\n\n<figure class=\"wp-block-video\"><video controls src=\"https:\/\/emdnfontenla-bue.infd.edu.ar\/sitio\/wp-content\/uploads\/2023\/12\/VID-20231212-WA0067.mp4\"><\/video><\/figure>\n\n\n\n<h2 class=\"wp-block-heading\">BALLET DE C\u00c1MARA <\/h2>\n\n\n\n<figure class=\"wp-block-image size-full\"><img decoding=\"async\" loading=\"lazy\" width=\"1520\" height=\"1600\" src=\"https:\/\/emdnfontenla-bue.infd.edu.ar\/sitio\/wp-content\/uploads\/2023\/12\/IMG-20231202-WA0048.jpg\" alt=\"\" class=\"wp-image-1411\" srcset=\"https:\/\/emdnfontenla-bue.infd.edu.ar\/sitio\/wp-content\/uploads\/2023\/12\/IMG-20231202-WA0048.jpg 1520w, https:\/\/emdnfontenla-bue.infd.edu.ar\/sitio\/wp-content\/uploads\/2023\/12\/IMG-20231202-WA0048-950x1000.jpg 950w, https:\/\/emdnfontenla-bue.infd.edu.ar\/sitio\/wp-content\/uploads\/2023\/12\/IMG-20231202-WA0048-768x808.jpg 768w, https:\/\/emdnfontenla-bue.infd.edu.ar\/sitio\/wp-content\/uploads\/2023\/12\/IMG-20231202-WA0048-1459x1536.jpg 1459w\" sizes=\"(max-width: 1520px) 100vw, 1520px\" \/><\/figure>\n\n\n\n<h2 class=\"wp-block-heading\">GALA ANUAL 2023<\/h2>\n\n\n\n<figure class=\"wp-block-gallery has-nested-images columns-default is-cropped wp-block-gallery-3 is-layout-flex\">\n<figure class=\"wp-block-image size-large\"><img decoding=\"async\" loading=\"lazy\" width=\"1069\" height=\"1900\" data-id=\"1396\"  src=\"https:\/\/emdnfontenla-bue.infd.edu.ar\/sitio\/wp-content\/uploads\/2023\/11\/Stories-1-1-1069x1900.jpg\" alt=\"\" class=\"wp-image-1396\" srcset=\"https:\/\/emdnfontenla-bue.infd.edu.ar\/sitio\/wp-content\/uploads\/2023\/11\/Stories-1-1-1069x1900.jpg 1069w, https:\/\/emdnfontenla-bue.infd.edu.ar\/sitio\/wp-content\/uploads\/2023\/11\/Stories-1-1-563x1000.jpg 563w, https:\/\/emdnfontenla-bue.infd.edu.ar\/sitio\/wp-content\/uploads\/2023\/11\/Stories-1-1-768x1365.jpg 768w, https:\/\/emdnfontenla-bue.infd.edu.ar\/sitio\/wp-content\/uploads\/2023\/11\/Stories-1-1-864x1536.jpg 864w, https:\/\/emdnfontenla-bue.infd.edu.ar\/sitio\/wp-content\/uploads\/2023\/11\/Stories-1-1.jpg 1080w\" sizes=\"(max-width: 1069px) 100vw, 1069px\" \/><\/figure>\n<\/figure>\n\n\n\n<h2 class=\"wp-block-heading\">ABIERTA PREINSCRIPCI\u00d3N ON LINE<\/h2>\n\n\n\n<p><strong>CICLO 2024<\/strong><\/p>\n\n\n\n<p>La Escuela Municipal de Danzas \u00abNorma Fontenla\u00bb informa que desde el 1 de noviembre y hasta el 30 de noviembre se abrir\u00e1 la preinscripci\u00f3n on line para el Ciclo 2024 para todos aquellos ni\u00f1os y ni\u00f1as interesados en experimentar y descubrir el mundo de la Danza y para las carreras de Tecnicatura y Profesorado en Danzas Cl\u00e1sicas y Contempor\u00e1nea.<\/p>\n\n\n\n<p>Luego de completados los formularios de preinscripci\u00f3n on line la inscripci\u00f3n presencial definitiva se realizar\u00e1 por turnos desde el 1 al 20 de diciembre, debiendo concurrir con la documentaci\u00f3n requerida.&nbsp;<\/p>\n\n\n\n<p><strong><em>Carrera Gratuita de Nivel Superior con T\u00cdTULO OFICIAL<\/em><\/strong><\/p>\n\n\n\n<p><strong><em>REQUISITOS DE INGRESO<\/em><\/strong><\/p>\n\n\n\n<p><strong>FORMACI\u00d3N B\u00c1SICA INGRESO DIRECTO- NIVEL PREPARATORIO -SIN EXPERIENCIA:<\/strong><\/p>\n\n\n\n<p>LINK: <a href=\"https:\/\/forms.gle\/9gwpES2WrykG9Yvg7\">https:\/\/forms.gle\/9gwpES2WrykG9Yvg7<\/a><\/p>\n\n\n\n<ul>\n<li>SIN Experiencia INGRESO DIRECTO: 2\u00b0 a\u00f1o aprobado de primaria Ambos sexos &#8211; de 8 a\u00f1os a 12 a\u00f1os<\/li>\n\n\n\n<li>CON Experiencia: Diagn\u00f3stico de nivel t\u00e9cnico &#8211; Ambos Sexos<\/li>\n<\/ul>\n\n\n\n<p>PARA EL INGRESO A <strong>NIVEL PREPARATORIO: <\/strong>&nbsp;<\/p>\n\n\n\n<p>UNA VEZ REALIZADA LA <strong>PREINSCRIPCI\u00d3N<\/strong> ON LINE DESDE EL 01\/11 AL 30\/11\/23 SE LOS CONVOCAR\u00c1 V\u00cdA MAIL PARA EL EXAMEN M\u00c9DICO; LUEGO <strong>LA INSCRIPCI\u00d3N DEFINITIVA<\/strong> SE REALIZAR\u00c1 <strong>DE MANERA PRESENCIAL<\/strong>&nbsp; A PARTIR DEL 1 Y HASTA EL 20 DE DICIEMBRE, LOS TURNOS SER\u00c1N COMUNICADOS V\u00cdA MAIL.<\/p>\n\n\n\n<p>ASISTIR CON LA DOCUMENTACI\u00d3N IMPRESA Y COMPLETA M\u00c1S PARTIDA DE NACIMIENTO (ORIGINAL Y FOTOCOPIA); DNI (ORIGINAL Y FOTOCOPIA) &#8211; CONSTANCIA DE ALUMNO REGULAR ORIGINAL&nbsp; Y COMPROBANTE DE APORTE COOPERADORA.&nbsp;&nbsp;<\/p>\n\n\n\n<p><strong>Pago Anual cooperadora ($8000.-) | CBU: 01403235 01420008934001 &#8211; Remitir comprobante con datos personales del\/la estudiante al Email: escuelamundanzas@gmail.com<\/strong><\/p>\n\n\n\n<p><strong>FORMACI\u00d3N B\u00c1SICA &#8211; CICLO INICIACI\u00d3N &#8211; CON CONOCIMIENTOS PREVIOS:<\/strong><\/p>\n\n\n\n<p>LINK: <a href=\"https:\/\/forms.gle\/XXoSG7pCWiZybzLo8\">https:\/\/forms.gle\/XXoSG7pCWiZybzLo8<\/a><\/p>\n\n\n\n<ul>\n<li>Edad m\u00ednima requerida para el curso al que desea ingresar,hasta 16 a\u00f1os.<\/li>\n\n\n\n<li>Aprobar todas las asignaturas del nivel que rinde conforme al plan de estudio.<\/li>\n\n\n\n<li>Entrevista con el equipo de orientaci\u00f3n escolar.<\/li>\n\n\n\n<li>Entrevista con m\u00e9dico-docente de la Instituci\u00f3n.<\/li>\n\n\n\n<li>Diagn\u00f3stico de nivel t\u00e9cnico, a rendirse en febrero-marzo.<\/li>\n<\/ul>\n\n\n\n<p><strong>FORMACI\u00d3N B\u00c1SICA &#8211; CICLO MEDIO &#8211; CON CONOCIMIENTOS PREVIOS:<\/strong><\/p>\n\n\n\n<p><strong>TURNO TARDE.<\/strong><\/p>\n\n\n\n<ul>\n<li>Edad m\u00ednima requerida para el curso al que desea ingresar, hasta 19 a\u00f1os.<\/li>\n\n\n\n<li>Aprobar todas las asignaturas del nivel que rinde, conforme al plan de estudio.<strong>&nbsp;<\/strong><\/li>\n\n\n\n<li>Entrevista con el equipo de orientaci\u00f3n escolar.<\/li>\n\n\n\n<li>Entrevista con m\u00e9dico-docente de la Instituci\u00f3n.<\/li>\n\n\n\n<li>Diagn\u00f3stico de nivel t\u00e9cnico a rendirse en febrero-marzo<\/li>\n<\/ul>\n\n\n\n<p>UNA VEZ REALIZADA LA <strong>PREINSCRIPCI\u00d3N ON LINE <\/strong>DESDE EL 01\/11 AL 30\/11\/23 LA <strong>INSCRIPCI\u00d3N DEFINITIVA<\/strong> SE REALIZAR\u00c1&nbsp; <strong>DE MANERA PRESENCIAL<\/strong>&nbsp; A PARTIR DEL 1 Y HASTA EL 20 DE DICIEMBRE, LOS TURNOS SER\u00c1N COMUNICADOS V\u00cdA MAIL.<\/p>\n\n\n\n<p>ASISTIR CON LA DOCUMENTACI\u00d3N IMPRESA Y COMPLETA: PARTIDA DE NACIMIENTO (ORIGINAL Y FOTOCOPIA); DNI (ORIGINAL Y FOTOCOPIA) &#8211; CONSTANCIA DE ALUMNO REGULAR ORIGINAL Y COMPROBANTE DE APORTE COOPERADORA.<\/p>\n\n\n\n<p><strong>Pago Anual Cooperadora ($8000.-) | CBU: 01403235 01420008934001 &#8211; Remitir comprobante con datos personales del\/la estudiante al Email: escuelamundanzas@gmail.com<\/strong><\/p>\n\n\n\n<p><strong>REQUISITOS FORMACI\u00d3N B\u00c1SICA<\/strong><\/p>\n\n\n\n<p>Con experiencia: Diagn\u00f3stico de nivel t\u00e9cnico, ambos sexos.<\/p>\n\n\n\n<p>Las condiciones para ingresar son mediante la un diagn\u00f3stico de nivel t\u00e9cnico (que consta de tres instancias: entrevista con la docente m\u00e9dico; entrevista con el equipo de orientaci\u00f3n escolar y diagn\u00f3stico de nivel pr\u00e1ctico de T\u00e9cnica de la Danza Cl\u00e1sica y\/o Contempor\u00e1nea) los aspirantes ingresaran al curso correspondiente seg\u00fan su nivel t\u00e9cnico y art\u00edstico hasta 2do. ciclo medio de la Formaci\u00f3n B\u00e1sica, adem\u00e1s deber\u00e1n rendir todas las materias de los a\u00f1os aprobados.<\/p>\n\n\n\n<p><strong>&nbsp;TECNICATURA INT\u00c9RPRETE BAILAR\u00cdN EN DANZAS CL\u00c1SICAS (DURACI\u00d3N 2 A\u00d1OS)<\/strong><\/p>\n\n\n\n<p><strong>TECNICATURA INT\u00c9RPRETE BAILAR\u00cdN EN DANZAS CONTEMPOR\u00c1NEAS (DURACI\u00d3N 2 A\u00d1OS)<\/strong><\/p>\n\n\n\n<p>LINK: <a href=\"https:\/\/forms.gle\/rgM1QiexfCtAsNwr6\">https:\/\/forms.gle\/rgM1QiexfCtAsNwr6<\/a><\/p>\n\n\n\n<p>INGRESOS CON CONOCIMIENTOS PREVIOS<\/p>\n\n\n\n<p>TURNO MA\u00d1ANA&nbsp;<\/p>\n\n\n\n<p>REQUISITOS:&nbsp;<\/p>\n\n\n\n<ul>\n<li>2do CICLO MEDIO DE LA FORMACI\u00d3N B\u00c1SICA COMPLETO o&nbsp; NIVELACI\u00d3N&nbsp;<\/li>\n\n\n\n<li>ESTUDIOS SECUNDARIOS COMPLETOS&nbsp;<\/li>\n<\/ul>\n\n\n\n<p>INSTANCIA EVALUATIVA<\/p>\n\n\n\n<ul>\n<li>CURSO DE INGRESO EN EL MES DE FEBRERO<\/li>\n\n\n\n<li>EX\u00c1MENES DE NIVELACI\u00d3N&nbsp; A RENDIRSE EN EL MES DE MARZO<\/li>\n<\/ul>\n\n\n\n<p><strong>PROFESORADO EN DANZAS CL\u00c1SICAS (DURACI\u00d3N 4 A\u00d1OS)<\/strong><\/p>\n\n\n\n<p><strong>PROFESORADO EN DANZAS CONTEMPOR\u00c1NEAS (DURACI\u00d3N 4 A\u00d1OS)<\/strong><\/p>\n\n\n\n<p>LINK: <a href=\"https:\/\/forms.gle\/rgM1QiexfCtAsNwr6\">https:\/\/forms.gle\/rgM1QiexfCtAsNwr6<\/a><\/p>\n\n\n\n<p>INGRESO CON CONOCIMIENTOS PREVIOS<\/p>\n\n\n\n<p>TURNO MA\u00d1ANA<\/p>\n\n\n\n<p>REQUISITOS:&nbsp;<\/p>\n\n\n\n<ul>\n<li>2do A\u00d1O DE LA FORMACI\u00d3N B\u00c1SICA COMPLETO<\/li>\n\n\n\n<li>ESTUDIOS SECUNDARIOS COMPLETOS<\/li>\n<\/ul>\n\n\n\n<p>INSTANCIA EVALUATIVA<\/p>\n\n\n\n<ul>\n<li>CURSO DE INGRESO EN EL MES DE FEBRERO<\/li>\n\n\n\n<li>EX\u00c1MENES DE NIVELACI\u00d3N A RENDIRSE EN EL MES DE MARZO<\/li>\n<\/ul>\n\n\n\n<p>La Escuela Municipal de Danzas \u00abNorma Fontenla\u00bb, es una Instituci\u00f3n que depende de la Secretar\u00eda de Educaci\u00f3n de la Municipalidad del Partido de General Pueyrredon.&nbsp;<\/p>\n\n\n\n<p>El 1\u00ba de Julio de 1968 fue creada dentro del sistema Educativo Municipal.&nbsp;<\/p>\n\n\n\n<p>Sus egresados son el semillero de la danza Marplatense, formando bailarines, core\u00f3grafos y docentes, exponentes de este arte a nivel local, nacional e internacional.<\/p>\n\n\n\n<p>Con 55 a\u00f1os de trabajo ininterrumpido, la Escuela otorga los t\u00edtulos oficiales de:&nbsp;<\/p>\n\n\n\n<ul>\n<li>Profesor en Danza (Orientaci\u00f3n Danza Cl\u00e1sica)&nbsp;<\/li>\n\n\n\n<li>Profesor en Danza (Orientaci\u00f3n en Danza Contempor\u00e1nea)&nbsp;<\/li>\n\n\n\n<li>Tecnicatura Int\u00e9rprete Bailar\u00edn en Danza Cl\u00e1sica.&nbsp;<\/li>\n\n\n\n<li>Tecnicatura Int\u00e9rprete Bailar\u00edn en Danza Contempor\u00e1nea.<\/li>\n<\/ul>\n\n\n\n<p><strong>INGRESO 2024<\/strong><\/p>\n\n\n\n<p>Link al formulario en la bio o solicitalos al 2235805362<\/p>\n\n\n\n<p>Informes: de 8 a 12 y de 14 a 19:30 hs.<\/p>\n\n\n\n<p>M\u00e9xico 1742 &#8211; Tel\u00e9fono 473-1016<\/p>\n\n\n\n<p>Email: <a href=\"mailto:emdnf.adm@gmail.com\">emdnf.adm@gmail.com<\/a><\/p>\n\n\n\n<p>Estamos en Instagram y Facebook!!!<\/p>\n\n\n\n<figure class=\"wp-block-image size-full is-resized\"><img decoding=\"async\" loading=\"lazy\" src=\"https:\/\/emdnfontenla-bue.infd.edu.ar\/sitio\/wp-content\/uploads\/2023\/10\/1000076128.jpg\" alt=\"\" class=\"wp-image-1383\" width=\"997\" height=\"1347\" srcset=\"https:\/\/emdnfontenla-bue.infd.edu.ar\/sitio\/wp-content\/uploads\/2023\/10\/1000076128.jpg 1070w, https:\/\/emdnfontenla-bue.infd.edu.ar\/sitio\/wp-content\/uploads\/2023\/10\/1000076128-740x1000.jpg 740w, https:\/\/emdnfontenla-bue.infd.edu.ar\/sitio\/wp-content\/uploads\/2023\/10\/1000076128-768x1037.jpg 768w\" sizes=\"(max-width: 997px) 100vw, 997px\" \/><\/figure>\n\n\n\n<figure class=\"wp-block-video\"><video controls src=\"https:\/\/emdnfontenla-bue.infd.edu.ar\/sitio\/wp-content\/uploads\/2023\/10\/WhatsApp-Video-2023-10-10-at-08.30.00-SEMANA-DE-LA-DANZA-MARTES-10.mp4\"><\/video><\/figure>\n\n\n\n<p><\/p>\n\n\n\n<p><\/p>\n\n\n\n<p class=\"has-contrast-color has-text-color\">NUEVA PRESENTACI\u00d3N DEL BALLET DE C\u00c1MARA!!!<\/p>\n\n\n\n<figure class=\"wp-block-image size-full\"><img decoding=\"async\" loading=\"lazy\" width=\"1526\" height=\"1600\" src=\"https:\/\/emdnfontenla-bue.infd.edu.ar\/sitio\/wp-content\/uploads\/2023\/10\/WhatsApp-Image-2023-10-02-at-08.24.37-1.jpeg\" alt=\"\" class=\"wp-image-1378\" srcset=\"https:\/\/emdnfontenla-bue.infd.edu.ar\/sitio\/wp-content\/uploads\/2023\/10\/WhatsApp-Image-2023-10-02-at-08.24.37-1.jpeg 1526w, https:\/\/emdnfontenla-bue.infd.edu.ar\/sitio\/wp-content\/uploads\/2023\/10\/WhatsApp-Image-2023-10-02-at-08.24.37-1-954x1000.jpeg 954w, https:\/\/emdnfontenla-bue.infd.edu.ar\/sitio\/wp-content\/uploads\/2023\/10\/WhatsApp-Image-2023-10-02-at-08.24.37-1-768x805.jpeg 768w, https:\/\/emdnfontenla-bue.infd.edu.ar\/sitio\/wp-content\/uploads\/2023\/10\/WhatsApp-Image-2023-10-02-at-08.24.37-1-1465x1536.jpeg 1465w\" sizes=\"(max-width: 1526px) 100vw, 1526px\" \/><\/figure>\n\n\n\n<pre class=\"wp-block-preformatted\">LES ESPERAMOS!!<\/pre>\n\n\n\n<figure class=\"wp-block-image size-full is-style-rounded\"><img decoding=\"async\" loading=\"lazy\" width=\"900\" height=\"1600\" src=\"https:\/\/emdnfontenla-bue.infd.edu.ar\/sitio\/wp-content\/uploads\/2023\/09\/WhatsApp-Image-2023-09-15-at-11.10.14.jpeg\" alt=\"\" class=\"wp-image-1364\" srcset=\"https:\/\/emdnfontenla-bue.infd.edu.ar\/sitio\/wp-content\/uploads\/2023\/09\/WhatsApp-Image-2023-09-15-at-11.10.14.jpeg 900w, https:\/\/emdnfontenla-bue.infd.edu.ar\/sitio\/wp-content\/uploads\/2023\/09\/WhatsApp-Image-2023-09-15-at-11.10.14-563x1000.jpeg 563w, https:\/\/emdnfontenla-bue.infd.edu.ar\/sitio\/wp-content\/uploads\/2023\/09\/WhatsApp-Image-2023-09-15-at-11.10.14-768x1365.jpeg 768w, https:\/\/emdnfontenla-bue.infd.edu.ar\/sitio\/wp-content\/uploads\/2023\/09\/WhatsApp-Image-2023-09-15-at-11.10.14-864x1536.jpeg 864w\" sizes=\"(max-width: 900px) 100vw, 900px\" \/><\/figure>\n\n\n\n<div class=\"wp-block-group is-layout-constrained\"><div class=\"wp-block-group__inner-container\">\n<figure class=\"wp-block-table is-style-stripes\"><table class=\"has-accent-color has-base-background-color has-text-color has-background has-fixed-layout\"><thead><tr><th><\/th><th><\/th><\/tr><\/thead><tbody><tr><td>TALLER DE DANZA GRATUITO PARA 6 Y 7 A\u00d1OS &#8211;<br>INSCRIPCI\u00d3N ABIERTA TODO EL A\u00d1O<br>INGRESANDO AL SIGUIENTE LINK: <\/td><td><\/td><\/tr><tr><td><a href=\"https:\/\/forms.gle\/mPDw5e5JmLg7sRRj7\">https:\/\/forms.gle\/mPDw5e5JmLg7sRRj7<\/a><\/td><td><\/td><\/tr><\/tbody><tfoot><tr><td><\/td><td><\/td><\/tr><\/tfoot><\/table><\/figure>\n<\/div><\/div>\n\n\n\n<div class=\"wp-block-columns is-layout-flex wp-container-7\">\n<div class=\"wp-block-column is-layout-flow\" style=\"flex-basis:100%\">\n<figure class=\"wp-block-image aligncenter size-large is-resized is-style-rounded\"><img decoding=\"async\" loading=\"lazy\" src=\"https:\/\/emdnfontenla-bue.infd.edu.ar\/sitio\/wp-content\/uploads\/2023\/09\/20211127_1456401-1425x1900.jpg\" alt=\"TALLER DE  DANZA GRATUITO PARA 6 Y 7 A\u00d1OS \nINSCRIPCI\u00d3N ABIERTA TODO EL A\u00d1O INGRESANDO AL SIGUIENTE LINK: \n\" class=\"wp-image-1363\" width=\"346\" height=\"461\" srcset=\"https:\/\/emdnfontenla-bue.infd.edu.ar\/sitio\/wp-content\/uploads\/2023\/09\/20211127_1456401-1425x1900.jpg 1425w, https:\/\/emdnfontenla-bue.infd.edu.ar\/sitio\/wp-content\/uploads\/2023\/09\/20211127_1456401-750x1000.jpg 750w, https:\/\/emdnfontenla-bue.infd.edu.ar\/sitio\/wp-content\/uploads\/2023\/09\/20211127_1456401-768x1024.jpg 768w, https:\/\/emdnfontenla-bue.infd.edu.ar\/sitio\/wp-content\/uploads\/2023\/09\/20211127_1456401-1152x1536.jpg 1152w, https:\/\/emdnfontenla-bue.infd.edu.ar\/sitio\/wp-content\/uploads\/2023\/09\/20211127_1456401-1536x2048.jpg 1536w, https:\/\/emdnfontenla-bue.infd.edu.ar\/sitio\/wp-content\/uploads\/2023\/09\/20211127_1456401-scaled.jpg 1920w\" sizes=\"(max-width: 346px) 100vw, 346px\" \/><\/figure>\n<\/div>\n<\/div>\n\n\n\n<p><\/p>\n\n\n\n<p><\/p>\n\n\n\n<figure class=\"wp-block-image\"><img decoding=\"async\" src=\"https:\/\/emdnfontenla-bue.infd.edu.ar\/sitio\/wp-content\/uploads\/2020\/07\/81334096-4330-4310-AD25-FD61D8D5F65D.jpeg\" alt=\"\"\/><figcaption class=\"wp-element-caption\"><br>Desde el 1\u00ba de julio de 1968, en la ciudad de Mar del Plata, funciona la Escuela Municipal de Danzas \u201cNorma Fontenla\u201d, dependiente de la Secretar\u00eda de Educaci\u00f3n de la Municipalidad del Partido de General Pueyrred\u00f3n, su sede se encuentra en la calle M\u00e9xico 1742.<br>Su trayectoria, cumplida en 54 a\u00f1os transcurridos desde su iniciaci\u00f3n, unida a su car\u00e1cter gratuito y mixto, acerca anualmente gran cantidad de aspirantes a ingresar en la misma, con la intenci\u00f3n de desarrollar el lenguaje art\u00edstico de la Danza.<br>Desde 1990, la Escuela est\u00e1 reconocida por DIEGEP, inscripta bajo el N\u00ba 3030.<br>La Estructura Curricular esta compuesta por la Formaci\u00f3n B\u00e1sica para la Tecnicatura Int\u00e9rprete Bailar\u00edn en Danzas Cl\u00e1sicas y el Profesorado en Danzas Cl\u00e1sicas y Formaci\u00f3n B\u00e1sica para la Tecnicatura Interprete Bailar\u00edn en Danzas Contempor\u00e1neas y el Profesorado en Danzas Contempor\u00e1neas.<br>T\u00edtulos oficiales:<br>Profesor\/a en Danzas Cl\u00e1sicas y Profesor\/a en Danzas Contempor\u00e1neas.<br>Tecnicatura de Int\u00e9rprete bailar\u00edn en Danzas Cl\u00e1sicas y en Danzas Contempor\u00e1neas.<\/figcaption><\/figure>\n\n\n\n<p><\/p>\n\n\n\n<p><\/p>\n\n\n\n<figure class=\"wp-block-image is-resized is-style-rounded\"><img decoding=\"async\" loading=\"lazy\" src=\"https:\/\/emdnfontenla-bue.infd.edu.ar\/sitio\/wp-content\/uploads\/2020\/07\/81334096-4330-4310-AD25-FD61D8D5F65D.jpeg\" alt=\"\" width=\"960\" height=\"540\"\/><\/figure>\n\n\n<p style=\"text-align: center;\">\n<\/p><h5 style=\"text-align: center;\"><br data-rich-text-line-break=\"true\">T\u00edtulos oficiales:<br data-rich-text-line-break=\"true\">Profesor\/a en Danzas Cl\u00e1sicas y Profesor\/a en Danzas Contempor\u00e1neas.<br data-rich-text-line-break=\"true\">Tecnicatura de Int\u00e9rprete bailar\u00edn en Danzas Cl\u00e1sicas y en Danzas Contempor\u00e1neas.<\/h5>\n<p class=\"rtecenter\" style=\"text-align: left;\"><\/p>\n\n\n<p><\/p>\n\n\n\n<h2 class=\"wp-block-heading\"><\/h2>\n","protected":false},"excerpt":{"rendered":"<p>CURSO DE INGRESO A PROFESORADOS Y TECNICATURAS Enlace: https:\/\/docs.google.com\/spreadsheets\/d\/1Al1aIv1HR7D7uR1-idkngACe-WzTms3UvbzTOD2aXGU\/edit?usp=sharing Mesas de Nivelaci\u00f3n Enlace https:\/\/docs.google.com\/spreadsheets\/d\/1WlHlZkQDlW-1ClWMvp6EJrnpL6L7hbnhKk2SFGGteVQ\/edit?usp=sharing Mesas de examen Turno Febrero-Marzo 2026 Enlace: https:\/\/docs.google.com\/spreadsheets\/d\/1QXEQdZl3w5Olv143yUUCfaW-U4RclRJkXdCw2-DDcMw\/edit?usp=sharing Mesas de examen Turno Diciembre 2025 Enlace: https:\/\/docs.google.com\/spreadsheets\/d\/1Qr1k0AnGnVDcKhQD9XQX13n1rvaHYhqFNp4GfbAHUKI\/edit?usp=sharing Mesas de examen Turno Agosto 2025 Enlace: https:\/\/docs.google.com\/spreadsheets\/d\/1CbZ3-25DKzU1UzPKtdWan13qW3xQBe3SNj0LmUpmNcg\/edit?usp=sharing Programa de la segunda Funci\u00f3n del Ballet de C\u00e1mara: https:\/\/sites.google.com\/view\/2025lunes30dejunio2030hs\/inicio Programa de la primera funci\u00f3n del Ballet &#8230; <a title=\"NOVEDADES\" class=\"read-more\" href=\"https:\/\/emdnfontenla-bue.infd.edu.ar\/sitio\/\" aria-label=\"More on NOVEDADES\">[+]<\/a><\/p>\n","protected":false},"author":8,"featured_media":0,"parent":692,"menu_order":0,"comment_status":"closed","ping_status":"closed","template":"","meta":[],"acf":[],"_links":{"self":[{"href":"https:\/\/emdnfontenla-bue.infd.edu.ar\/sitio\/wp-json\/wp\/v2\/pages\/286"}],"collection":[{"href":"https:\/\/emdnfontenla-bue.infd.edu.ar\/sitio\/wp-json\/wp\/v2\/pages"}],"about":[{"href":"https:\/\/emdnfontenla-bue.infd.edu.ar\/sitio\/wp-json\/wp\/v2\/types\/page"}],"author":[{"embeddable":true,"href":"https:\/\/emdnfontenla-bue.infd.edu.ar\/sitio\/wp-json\/wp\/v2\/users\/8"}],"replies":[{"embeddable":true,"href":"https:\/\/emdnfontenla-bue.infd.edu.ar\/sitio\/wp-json\/wp\/v2\/comments?post=286"}],"version-history":[{"count":184,"href":"https:\/\/emdnfontenla-bue.infd.edu.ar\/sitio\/wp-json\/wp\/v2\/pages\/286\/revisions"}],"predecessor-version":[{"id":1521,"href":"https:\/\/emdnfontenla-bue.infd.edu.ar\/sitio\/wp-json\/wp\/v2\/pages\/286\/revisions\/1521"}],"up":[{"embeddable":true,"href":"https:\/\/emdnfontenla-bue.infd.edu.ar\/sitio\/wp-json\/wp\/v2\/pages\/692"}],"wp:attachment":[{"href":"https:\/\/emdnfontenla-bue.infd.edu.ar\/sitio\/wp-json\/wp\/v2\/media?parent=286"}],"curies":[{"name":"wp","href":"https:\/\/api.w.org\/{rel}","templated":true}]}}